{"id":19610,"date":"2022-10-20T14:54:59","date_gmt":"2022-10-20T14:54:59","guid":{"rendered":"https:\/\/www.lifewolfalps.eu\/f\/"},"modified":"2024-12-09T11:36:19","modified_gmt":"2024-12-09T11:36:19","slug":"f","status":"publish","type":"page","link":"https:\/\/www.lifewolfalps.eu\/fr\/f\/","title":{"rendered":"Quatri\u00e8me Conf\u00e9rence Internationale LIFE WolfAlps EU &#8211; France"},"content":{"rendered":"\n<h3 class=\"wp-block-heading has-text-align-center\"><em><span class=\"has-inline-color has-success-color\">L&rsquo;herbe est-elle toujours plus verte ailleurs ?<\/span><\/em><\/h3>\n\n\n\n<p class=\"wp-block-paragraph\"><\/p>\n\n\n\n<p class=\"wp-block-paragraph\">Le retour naturel du loup depuis 30 ans au travers de l\u2019arc alpin vient bouleverser les <strong>\u00e9quilibres des territoires<\/strong> et pose de <strong>nombreux d\u00e9fis de coexistence avec les activit\u00e9s humaines<\/strong>.<\/p>\n\n\n\n<p class=\"wp-block-paragraph\">Pour y faire face, diff\u00e9rentes approches existent. N\u00e9anmoins, les <strong>strat\u00e9gies de gestion<\/strong> \u00e9tant mises en \u0153uvre \u00e0 l\u2019\u00e9chelle nationale, leurs <strong>\u00e9quivalences dans les pays voisins sont souvent m\u00e9connues<\/strong> et parfois id\u00e9alis\u00e9es&nbsp;: l\u2019herbe serait donc toujours plus verte chez les autres.<\/p>\n\n\n\n<p class=\"wp-block-paragraph\">Les intervenants de cette conf\u00e9rence internationale d\u00e9tailleront les modalit\u00e9s de gestion mises en \u0153uvre dans leurs zones g\u00e9ographiques respectives (France, Italie, Autriche, Slov\u00e9nie, Espagne, Slovaquie et autres) pour \u00e9changer sur les d\u00e9fis et les pratiques pour tenter de concilier activit\u00e9s humaines et pr\u00e9sence du pr\u00e9dateur.<\/p>\n\n\n\n<p class=\"wp-block-paragraph\">La conf\u00e9rence ZOOM propose une <strong>traduction en simultan\u00e9<\/strong> dans les 5 langues du LWA EU : fran\u00e7ais, anglais, italien, allemand et slov\u00e8ne.<\/p>\n\n\n\n<p class=\"wp-block-paragraph\">T\u00e9l\u00e9charger le retour sur la conf\u00e9rence<strong> <a href=\"https:\/\/www.lifewolfalps.eu\/wp-content\/uploads\/2024\/12\/OFB-Les-Rencontres-n90.pdf\">ICI<\/a><\/strong>.<\/p>\n\n\n\n<figure class=\"wp-block-gallery has-nested-images columns-default is-cropped wp-block-gallery-1 is-layout-flex wp-block-gallery-is-layout-flex\">\n<figure class=\"wp-block-image size-large\"><img loading=\"lazy\" decoding=\"async\" width=\"544\" height=\"781\" data-id=\"19711\" src=\"https:\/\/www.lifewolfalps.eu\/wp-content\/uploads\/2022\/11\/SAVE-THE-DATE-FR-PHOTO.jpg\" alt=\"\" class=\"wp-image-19711\" title=\"\" srcset=\"https:\/\/www.lifewolfalps.eu\/wp-content\/uploads\/2022\/11\/SAVE-THE-DATE-FR-PHOTO.jpg 544w, https:\/\/www.lifewolfalps.eu\/wp-content\/uploads\/2022\/11\/SAVE-THE-DATE-FR-PHOTO-209x300.jpg 209w\" sizes=\"auto, (max-width: 639px) 98vw, (max-width: 1199px) 64vw, 544px\" \/><\/figure>\n<\/figure>\n\n\n\n<p class=\"wp-block-paragraph\"><\/p>\n\n\n\n<p class=\"has-text-align-center has-primary-color has-text-color has-medium-font-size wp-block-paragraph\"><strong>La conf\u00e9rence est disponible en replay sur la <em><a href=\"https:\/\/youtu.be\/0btwLKc-QZ0\" target=\"_blank\" aria-label=\" (opens in a new tab)\" rel=\"noreferrer noopener\" class=\"rank-math-link\">cha\u00eene Youtube du projet <\/a><\/em><\/strong><\/p>\n\n\n\n<p class=\"wp-block-paragraph\"><\/p>\n\n\n\n<p class=\"wp-block-paragraph\">T\u00e9l\u00e9chargez le <strong><a aria-label=\"Save the date (opens in a new tab)\" href=\"https:\/\/www.lifewolfalps.eu\/wp-content\/uploads\/2022\/11\/SAVE-THE-DATE-FINAL_FR_ZOOM2.pdf\" target=\"_blank\" rel=\"noreferrer noopener\" class=\"rank-math-link\">Save the date<\/a><\/strong> !<\/p>\n\n\n\n<p class=\"wp-block-paragraph\">T\u00e9l\u00e9chargez le <strong><a aria-label=\" (opens in a new tab)\" href=\"https:\/\/www.lifewolfalps.eu\/wp-content\/uploads\/2022\/12\/PROGRAMME-CONFERENCE-LIFE-WOLFALPS-EU-2022_FR.pdf\" target=\"_blank\" rel=\"noreferrer noopener\" class=\"rank-math-link\">programme<\/a><\/strong>. <\/p>\n\n\n\n<p class=\"wp-block-paragraph\">Consultez <a href=\"https:\/\/www.lifewolfalps.eu\/fr\/lherbe-est-elle-toujours-plus-verte-ailleurs-resume-de-la-4eme-conference-internationale-lwa-eu-2022\/\" target=\"_blank\" aria-label=\"l&#039;article d\u00e9di\u00e9 (opens in a new tab)\" rel=\"noreferrer noopener\" class=\"rank-math-link\"><strong>l&rsquo;article d\u00e9di\u00e9<\/strong><\/a> !<\/p>\n","protected":false},"excerpt":{"rendered":"<p>L&rsquo;herbe est-elle toujours plus verte ailleurs ? Le retour naturel du loup depuis 30 ans au travers de l\u2019arc alpin vient bouleverser les \u00e9quilibres des territoires et pose de nombreux d\u00e9fis de coexistence avec les activit\u00e9s humaines. Pour y faire face, diff\u00e9rentes approches existent. N\u00e9anmoins, les strat\u00e9gies de gestion \u00e9tant mises en \u0153uvre \u00e0 l\u2019\u00e9chelle [&hellip;]<\/p>\n","protected":false},"author":29,"featured_media":19221,"parent":0,"menu_order":0,"comment_status":"closed","ping_status":"closed","template":"","meta":{"_acf_changed":false,"footnotes":""},"class_list":["post-19610","page","type-page","status-publish","has-post-thumbnail","hentry"],"acf":[],"_links":{"self":[{"href":"https:\/\/www.lifewolfalps.eu\/fr\/wp-json\/wp\/v2\/pages\/19610","targetHints":{"allow":["GET"]}}],"collection":[{"href":"https:\/\/www.lifewolfalps.eu\/fr\/wp-json\/wp\/v2\/pages"}],"about":[{"href":"https:\/\/www.lifewolfalps.eu\/fr\/wp-json\/wp\/v2\/types\/page"}],"author":[{"embeddable":true,"href":"https:\/\/www.lifewolfalps.eu\/fr\/wp-json\/wp\/v2\/users\/29"}],"replies":[{"embeddable":true,"href":"https:\/\/www.lifewolfalps.eu\/fr\/wp-json\/wp\/v2\/comments?post=19610"}],"version-history":[{"count":5,"href":"https:\/\/www.lifewolfalps.eu\/fr\/wp-json\/wp\/v2\/pages\/19610\/revisions"}],"predecessor-version":[{"id":28690,"href":"https:\/\/www.lifewolfalps.eu\/fr\/wp-json\/wp\/v2\/pages\/19610\/revisions\/28690"}],"wp:featuredmedia":[{"embeddable":true,"href":"https:\/\/www.lifewolfalps.eu\/fr\/wp-json\/wp\/v2\/media\/19221"}],"wp:attachment":[{"href":"https:\/\/www.lifewolfalps.eu\/fr\/wp-json\/wp\/v2\/media?parent=19610"}],"curies":[{"name":"wp","href":"https:\/\/api.w.org\/{rel}","templated":true}]}}