{"id":8788,"date":"2021-04-07T10:37:06","date_gmt":"2021-04-07T10:37:06","guid":{"rendered":"https:\/\/www.lifewolfalps.eu\/?page_id=8788"},"modified":"2021-05-27T07:40:23","modified_gmt":"2021-05-27T07:40:23","slug":"conference","status":"publish","type":"page","link":"https:\/\/www.lifewolfalps.eu\/en\/conference\/","title":{"rendered":"Conference"},"content":{"rendered":"\n<h2 class=\"wp-block-heading\">1st International Conference &gt; May 27, 2021<\/h2>\n\n\n\n<div class=\"wp-block-columns is-layout-flex wp-container-core-columns-is-layout-8f761849 wp-block-columns-is-layout-flex\">\n<div class=\"wp-block-column is-layout-flow wp-block-column-is-layout-flow\">\n<figure class=\"wp-block-embed is-type-video is-provider-youtube wp-block-embed-youtube wp-embed-aspect-16-9 wp-has-aspect-ratio\"><div class=\"wp-block-embed__wrapper\">\n<iframe loading=\"lazy\" title=\"LIFE WOLFALPS EU International Conference\" width=\"500\" height=\"281\" src=\"https:\/\/www.youtube.com\/embed\/6PYTZYl2Z2k?feature=oembed\" frameborder=\"0\" allow=\"accelerometer; autoplay; clipboard-write; encrypted-media; gyroscope; picture-in-picture; web-share\" referrerpolicy=\"strict-origin-when-cross-origin\" allowfullscreen><\/iframe>\n<\/div><\/figure>\n<\/div>\n<\/div>\n\n\n\n<div style=\"height:50px\" aria-hidden=\"true\" class=\"wp-block-spacer\"><\/div>\n\n\n\n<div class=\"wp-block-columns is-layout-flex wp-container-core-columns-is-layout-8f761849 wp-block-columns-is-layout-flex\">\n<div class=\"wp-block-column is-layout-flow wp-block-column-is-layout-flow\" style=\"flex-basis:100%\">\n<div class=\"wp-block-columns is-layout-flex wp-container-core-columns-is-layout-8f761849 wp-block-columns-is-layout-flex\">\n<div class=\"wp-block-column is-layout-flow wp-block-column-is-layout-flow\" style=\"flex-basis:100%\">\n<div class=\"wp-block-media-text alignwide is-stacked-on-mobile is-vertically-aligned-top\"><figure class=\"wp-block-media-text__media\"><a href=\"https:\/\/scientificnet.zoom.us\/webinar\/register\/WN_EreyPwRbQO2LWjUqoCgN2w\" target=\"_blank\" rel=\"noopener\"><img loading=\"lazy\" decoding=\"async\" width=\"933\" height=\"1024\" src=\"https:\/\/www.lifewolfalps.eu\/wp-content\/uploads\/2021\/04\/lwa-conference-2021-web-933x1024.png\" alt=\"\" class=\"wp-image-8976 size-full\" title=\"\" srcset=\"https:\/\/www.lifewolfalps.eu\/wp-content\/uploads\/2021\/04\/lwa-conference-2021-web-933x1024.png 933w, https:\/\/www.lifewolfalps.eu\/wp-content\/uploads\/2021\/04\/lwa-conference-2021-web-273x300.png 273w, https:\/\/www.lifewolfalps.eu\/wp-content\/uploads\/2021\/04\/lwa-conference-2021-web-768x843.png 768w, https:\/\/www.lifewolfalps.eu\/wp-content\/uploads\/2021\/04\/lwa-conference-2021-web-640x703.png 640w, https:\/\/www.lifewolfalps.eu\/wp-content\/uploads\/2021\/04\/lwa-conference-2021-web.png 1024w\" sizes=\"auto, (max-width: 639px) 98vw, (max-width: 1199px) 64vw, 770px\" \/><\/a><\/figure><div class=\"wp-block-media-text__content\">\n<p class=\"has-text-color wp-block-paragraph\" style=\"color:#42b389;font-size:27px\">9 a.m. to 5 p.m.<\/p>\n\n\n\n<div class=\"wp-block-buttons alignleft is-layout-flex wp-block-buttons-is-layout-flex\">\n<div class=\"wp-block-button\"><a class=\"wp-block-button__link has-text-color has-background\" href=\"https:\/\/scientificnet.zoom.us\/webinar\/register\/WN_EreyPwRbQO2LWjUqoCgN2w\" style=\"border-radius:6px;background-color:#414141;color:#ffffff\" target=\"_blank\" rel=\"noreferrer noopener\"><strong>REGISTER NOW<\/strong> <\/a><\/div>\n\n\n\n<div class=\"wp-block-button is-style-outline is-style-outline--1\"><a class=\"wp-block-button__link has-success-color has-text-color\" href=\"https:\/\/scientificnet.zoom.us\/webinar\/register\/WN_EreyPwRbQO2LWjUqoCgN2w\" style=\"border-radius:6px\" target=\"_blank\" rel=\"noopener\">GO TO THE REGISTRATION FORM<\/a><\/div>\n<\/div>\n\n\n\n<div style=\"height:28px\" aria-hidden=\"true\" class=\"wp-block-spacer\"><\/div>\n\n\n\n<p class=\"wp-block-paragraph\">  <\/p>\n\n\n\n<p class=\"has-success-color has-text-color wp-block-paragraph\">We remind you that it is possible to follow the conference without registration on <strong><a href=\"https:\/\/www.facebook.com\/lifewolfalpseu\/\" class=\"rank-math-link\" target=\"_blank\" rel=\"noopener\">Facebook<\/a><\/strong> and<a href=\"https:\/\/www.youtube.com\/channel\/UCPePgbRM0L_KmLNYmTx5j6g\" class=\"rank-math-link\" target=\"_blank\" rel=\"noopener\"> <\/a><strong><a href=\"https:\/\/www.youtube.com\/watch?v=6PYTZYl2Z2k\" class=\"rank-math-link\" target=\"_blank\" rel=\"noopener\">Youtube<\/a><\/strong>.<\/p>\n\n\n\n<div style=\"height:25px\" aria-hidden=\"true\" class=\"wp-block-spacer\"><\/div>\n\n\n\n<h5 class=\"wp-block-heading\"><strong>USEFUL INFO<\/strong><\/h5>\n\n\n\n<ul class=\"wp-block-list\"><li>The participation is <strong>free<\/strong> of charge.<\/li><li>The Conference will be held in <strong>English <\/strong>with simultaneous<strong> translation<\/strong> in German, Italian, French and Slovenian (registration required).<\/li><\/ul>\n\n\n\n<div style=\"height:25px\" aria-hidden=\"true\" class=\"wp-block-spacer\"><\/div>\n\n\n\n<ul class=\"wp-block-list\" id=\"block-fc487929-5b42-4cfd-bc43-ebdf1a140f88\"><li>Registration is strongly recommended and it is required on Zoom <strong>to submit questions<\/strong> and to attend the Conference with the interpretation service.<\/li><li>The <strong>Press<\/strong> is invited to register and mention their affiliation.<\/li><\/ul>\n\n\n\n<div style=\"height:25px\" aria-hidden=\"true\" class=\"wp-block-spacer\"><\/div>\n\n\n\n<ul class=\"wp-block-list\"><li>The Conference will be also shared for free on <strong><a href=\"https:\/\/www.youtube.com\/watch?v=6PYTZYl2Z2k\" class=\"rank-math-link\" target=\"_blank\" rel=\"noopener\">YouTube<\/a><\/strong> and <a href=\"https:\/\/www.facebook.com\/lifewolfalpseu\" class=\"rank-math-link\" target=\"_blank\" rel=\"noopener\"><strong>Facebook<\/strong> <\/a>(in English).<\/li><\/ul>\n\n\n\n<ul class=\"wp-block-list\"><li>Following the webinar, the recording and all materials will be saved and released for free on the project website (<a href=\"http:\/\/www.lifewolfalps.eu\/\">www.lifewolfalps.eu<\/a>) and shared on social media.<\/li><\/ul>\n\n\n\n<div style=\"height:25px\" aria-hidden=\"true\" class=\"wp-block-spacer\"><\/div>\n\n\n\n<div class=\"wp-block-buttons alignleft is-layout-flex wp-block-buttons-is-layout-flex\">\n<div class=\"wp-block-button\"><a class=\"wp-block-button__link has-text-color has-background\" href=\"https:\/\/www.lifewolfalps.eu\/wp-content\/uploads\/2021\/03\/lwa-conference-2021-flyer-a4.png\" style=\"border-radius:6px;background-color:#42b389;color:#ffffff\" target=\"_blank\" rel=\"noreferrer noopener\">DOWNLOAD<\/a><\/div>\n\n\n\n<div class=\"wp-block-button is-style-outline is-style-outline--2\"><a class=\"wp-block-button__link has-secondary-color has-text-color\" href=\"https:\/\/www.lifewolfalps.eu\/wp-content\/uploads\/2021\/03\/lwa-conference-2021-flyer-a4.png\" style=\"border-radius:6px\">CONFERENCE FLYER A4 (png)<\/a><\/div>\n<\/div>\n\n\n\n<div class=\"wp-block-buttons alignleft is-layout-flex wp-block-buttons-is-layout-flex\">\n<div class=\"wp-block-button\"><a class=\"wp-block-button__link has-text-color has-background\" href=\"https:\/\/www.lifewolfalps.eu\/wp-content\/uploads\/2021\/04\/LIFE-WOLFALPS-EU-1st-International-Conference.ics\" style=\"border-radius:6px;background-color:#42b389;color:#ffffff\" target=\"_blank\" rel=\"noreferrer noopener\">DOWNLOAD<\/a><\/div>\n\n\n\n<div class=\"wp-block-button is-style-outline is-style-outline--3\"><a class=\"wp-block-button__link has-secondary-color has-text-color\" href=\"https:\/\/www.lifewolfalps.eu\/wp-content\/uploads\/2021\/04\/LIFE-WOLFALPS-EU-1st-International-Conference.ics\" style=\"border-radius:6px\">EVENT CALENDAR (ics)<\/a><\/div>\n<\/div>\n\n\n\n<p class=\"wp-block-paragraph\"><\/p>\n<\/div><\/div>\n<\/div>\n<\/div>\n<\/div>\n<\/div>\n\n\n\n<div style=\"height:80px\" aria-hidden=\"true\" class=\"wp-block-spacer\"><\/div>\n\n\n\n<div class=\"wp-block-columns is-layout-flex wp-container-core-columns-is-layout-8f761849 wp-block-columns-is-layout-flex\">\n<div class=\"wp-block-column is-layout-flow wp-block-column-is-layout-flow\" style=\"flex-basis:100%\">\n<h4 class=\"wp-block-heading\">AGENDA<\/h4>\n\n\n\n<div class=\"wp-block-buttons alignleft is-layout-flex wp-block-buttons-is-layout-flex\">\n<div class=\"wp-block-button\"><a class=\"wp-block-button__link has-text-color has-background\" href=\"https:\/\/www.lifewolfalps.eu\/wp-content\/uploads\/2021\/05\/lwa-conference-2021-agenda-3.pdf\" style=\"border-radius:6px;background-color:#42b389;color:#ffffff\" target=\"_blank\" rel=\"noreferrer noopener\">DOWNLOAD<\/a><\/div>\n\n\n\n<div class=\"wp-block-button is-style-outline is-style-outline--4\"><a class=\"wp-block-button__link has-secondary-color has-text-color\" href=\"https:\/\/www.lifewolfalps.eu\/wp-content\/uploads\/2021\/05\/lwa-conference-2021-agenda-3.pdf\" style=\"border-radius:6px\">CONFERENCE AGENDA &#8211; rev. 2021-05-07 (PDF)<\/a><\/div>\n<\/div>\n<\/div>\n<\/div>\n\n\n\n<figure class=\"wp-block-table is-style-regular\"><table><tbody><tr><td>09:00<\/td><td><span class=\"has-inline-color has-success-color\"><strong><em>Welcome and Opening<\/em><\/strong>&nbsp;<\/span><br><strong>Roland Psenner<\/strong>, Eurac Research, IT<br><strong>Thomas Streifeneder<\/strong>, Institute for Regional Development, Eurac Research, IT<br><strong>Arnold Schuler<\/strong>, Councillor, Autonomous Province&nbsp;of&nbsp;Bozen\/Bolzano, IT<br>Luigi Spagnolli, Hunting and Fishing Office, Autonomous Province&nbsp;of&nbsp;Bozen\/Bolzano, IT<br><strong>Giuseppe Canavese<\/strong>,&nbsp;Protected Areas of the Maritime Alps&nbsp;(LIFE WOLFALPS EU Project Responsible), IT<br><strong>Maurizio Battegazzore<\/strong>, Division IV,&nbsp;Directorate-General for Natural Heritage \u2013 Biodiversity, Italian Ministry of Ecological Transition, IT<\/td><\/tr><tr><td>09:30<\/td><td><strong><em>Introduction to the Conference and the LIFE WolfAlps EU Project: Past, Present and Future<\/em><\/strong><br><strong>Francesca Marucco<\/strong>, DBIOS, University of Turin, IT<br><strong>Andrea Omizzolo<\/strong>, Institute for Regional Development, Eurac Research, IT<\/td><\/tr><tr><td>09:50<\/td><td><strong><em>The Role of the LIFE Programme for the Conservation of Large Carnivores Populations in Europe<\/em><\/strong><br><strong>Angelo Salsi<\/strong>, LIFE Programme, EASME &#8211; European Commission<\/td><\/tr><tr><td>10:10<\/td><td><strong><em>The EU Support for Wolf-Human Coexistence: Policies, Tools and Funding Opportunities<\/em><\/strong><br><strong>Marco Cipriani<\/strong>, Directorate-General for&nbsp;Environment&nbsp;&#8211;&nbsp;European Commission&nbsp;&nbsp;<\/td><\/tr><tr><td><\/td><td><\/td><\/tr><tr><td>&nbsp;<\/td><td><span class=\"has-inline-color has-success-color\"><strong><em>Working for Alpine Wolf Population Conservation&nbsp;Coordinated Actions at national level<\/em><\/strong><br><em>Moderated by&nbsp;<strong>Francesca Marucco<\/strong>, DBIOS, University of Turin, IT&nbsp;<\/em><\/span><\/td><\/tr><tr><td>10:30<\/td><td><strong><em>The Wolf in France and the Coordinated LIFE WolfAlps EU Activities<\/em><\/strong><br><strong>Ricardo Simon,<\/strong>&nbsp;Christophe Duchamp and Nolwenn Drouet-Hoguet, French Biodiversity Agency (OFB), FR<br><strong>Rachel Berzins<\/strong>&nbsp;and Nathalie Siefert, Mercantour National Park, FR<\/td><\/tr><tr><td>10:50<\/td><td><strong><em>The Wolf in Austria and the Coordinated LIFE WolfAlps EU Activities<\/em><\/strong><br><strong>Theresa Walter<\/strong>&nbsp;and Felix Knauer, University of Veterinary Medicine Vienna (VETMED), AT<br><strong>Stefanie Gappmaier <\/strong>and Verena Mayer, Agricultural Research and Education Centre Raumberg-Gumpenstein (AREC), AT<\/td><\/tr><tr><td>11:10<\/td><td>Short break<\/td><\/tr><tr><td>11:30<\/td><td><strong><em>The Wolf in Slovenia and the Coordinated LIFE WolfAlps EU Activities<\/em><\/strong><br><strong>Rok \u010cerne,<\/strong>&nbsp;Bojana Lavri\u010d, Toma\u017e Berce &amp; Nives Pagon, Slovenian Forest Service (ZGS), SLO<br><strong>Toma\u017e Skrbin\u0161ek,<\/strong>&nbsp;and Irena Kav\u010di\u010d, University of Ljubljana, SLO<\/td><\/tr><tr><td>11:50<\/td><td><strong><em>The Wolf in Italy and the Coordinated LIFE WolfAlps EU Activities<\/em><\/strong><br><strong>Francesca Marucco<\/strong>,&nbsp;DBIOS, University of Turin, IT<br>Giuseppe Canavese, Michele Ottino, Andrea De Giovanni, Daniele Piazza, Giancarlo Papitto, Lucia Ratti, Filippo Favilli, Mario Lupo, Carlo Maiolini, Simonetta Dalla Corte, Paolo Oreiller, Daniela Minetti, Elisabetta Rossi (ITALIAN Partners, Responsibles)<\/td><\/tr><tr><td>12:10<\/td><td><strong><em>LIFE BOREALWOLF: Actions enhancing wolf-human co-existence in Finland<\/em><\/strong><br><strong>Ilpo Kojola<\/strong>&nbsp;and&nbsp;<strong>Madeleine Nyman<\/strong>, Natural Resources Institute Finland (Luke), FI<\/td><\/tr><tr><td>12:30<\/td><td><strong><em>PANEL: Large&nbsp;<\/em>Carnivores Population<em>&nbsp;Management Plans in Europe: Past, Present and Future<\/em><\/strong><br><em>Moderated by&nbsp;<\/em><strong><em>Luigi Boitani<\/em><\/strong><em>, Large Carnivore Initiative for Europe, IUCN<\/em>&nbsp;<br><strong>Angelo Salsi<\/strong>, Head of LIFE Programme, EASME &#8211; European Commission<br><strong>Nicola Notaro<\/strong>, Directorate-General for&nbsp;Environment&nbsp;&#8211;&nbsp;European Commission&nbsp;<\/td><\/tr><tr><td>13:00<\/td><td>Lunch break<\/td><\/tr><\/tbody><\/table><\/figure>\n\n\n\n<figure class=\"wp-block-table\"><table><tbody><tr><td><\/td><td><\/td><\/tr><tr><td>14:00<\/td><td><strong><em><span class=\"has-inline-color has-success-color\">L<\/span><\/em><\/strong><span class=\"has-inline-color has-success-color\"><strong><em>IFE WolfAlps EU in Actions!<\/em><\/strong><br><em>Moderated by&nbsp;<strong>Filippo Favilli<\/strong>, Institute for Regional Development, Eurac Research, IT<\/em><\/span><\/td><\/tr><tr><td>&nbsp;<\/td><td><strong><em>&nbsp;<\/em><\/strong><\/td><\/tr><tr><td>14:10<\/td><td><strong><em>Livestock Prevention for Coexistence: The Wolf&nbsp;Prevention Intervention Units (WPIU)<\/em><\/strong><br><strong><em>Toma\u017e Berce<\/em><\/strong>, Slovenian Forest Service (ZGS), SLO&nbsp;<br><strong><em>Arianna Menzano<\/em><\/strong>, Large Carnivore Center, IT<br>Ricardo Simon, French Biodiversity Agency (OFB), and Rachel Berzins, Mercantour National Park, FR<br>Stefanie Gappmaier, Agricultural Research and Education Centre Raumberg-Gumpenstein (AREC), AT<\/td><\/tr><tr><td>14:30<\/td><td><strong><em>LIFEstockProtect: a LIFE Project for the Livestock Protection in Austria, Bavaria and South Tyrol<\/em><\/strong><br><strong>Max Rossberg<\/strong>, European Wilderness Society, AT<br>Julia Stauder, Institute for Regional Development, Eurac Research, IT<\/td><\/tr><tr><td>14:40<\/td><td><strong><em>International Alpine Wolf Population Monitoring and Genetics<\/em><\/strong><br><strong>Christophe Duchamp<\/strong>, French Biodiversity Agency (OFB), FR<br><strong>Astrid Vik Stronen<\/strong>&nbsp;and Hubert Poto\u010dnik, University of Ljubljana, SLO<br>Elisa Avanzinelli<strong>,&nbsp;<\/strong>Large Carnivore Center and Francesca Marucco, DBIOS, University of Turin, IT<br>J\u00f6rg Rauer and Felix Knauer, University of Veterinary Medicine Vienna (VETMED), AT<br>Ilka Reinhardt, LUPUS German Institute, DE<br>Fridolin Zimmermann and Ralph Manz, KORA, CH<\/td><\/tr><tr><td>15:00<\/td><td><strong><em>Evaluating the Relationship between Humans, Wolves, Wild and Domestic Prey: A Coordinated Study across 3 Countries<\/em><\/strong><br><strong><em>Ricardo Simon<\/em><\/strong>, French Biodiversity&nbsp;Agency (OFB), FR<br>Nives Pagon, Slovenian Forest Service (ZGS), SLO<br>Francesca Marucco, DBIOS, University of Turin, IT<br>Luca Pedrotti, ERSAF, Stelvio National Park, IT<\/td><\/tr><tr><td>15:20<\/td><td><strong><em>Anti-Poisoning Dog Units to fight Illegal Poisoning and the International LIFE Approach<\/em><\/strong><br><strong><em>Ten. Col. Giancarlo Papitto<\/em><\/strong>, Carabinieri &#8211; Command for Biodiversity and Parks Protection, IT<br>Theresa Walter, University of Veterinary Medicine Vienna (VETMED), AT<br>Bojana Lavri\u010d, Slovenian Forest Service (ZGS), SLO<\/td><\/tr><tr><td>15:40<\/td><td>Short break<\/td><\/tr><tr><td>16:00<\/td><td><strong><em>Developing a Participatory Approach: from the LIFE WolfAlps EU Platforms to the Stewardship Program<\/em><\/strong><br><strong><em>Giulia Bombieri<\/em>&nbsp;<\/strong>and Carlo Maiolini, Science Museum of Trento (MUSE), IT<br><strong><em>Andrea Omizzolo<\/em><\/strong>,&nbsp;Institute for Regional Development, Eurac Research, IT<br>Theresa Walter, University of Veterinary Medicine Vienna (VETMED), AT<br>Rachel Berzins, Mercantour National Park, FR<br>Stefanie Gappmaier, Agricultural Research and Education Centre Raumberg-Gumpenstein (AREC), AT<br>Manca Velkavrh, University of Ljubljana, SLO<\/td><\/tr><tr><td>16:20<\/td><td><strong><em>Education and Young Rangers across the Alps!<\/em><\/strong><br><strong><em>Irene Borgna<\/em><\/strong>, Protected Areas of the Maritime Alps, Maria Bertolini and Maria Vittoria Zucchelli, Science Museum of Trento (MUSE), IT<br>Rachel Berzins and Elena Maselli, Mercantour National Park, FR<br>Manca Velkavrh, University of Ljubljana, SLO<br>Theresa Walter, University of Veterinary Medicine Vienna (VETMED), AT<\/td><\/tr><tr><td>16:40<\/td><td><strong><em>Attitudes and Perceptions about Wolves across the Alps<\/em><\/strong><br><strong><em>Bernarda Bele<\/em><\/strong>, Aleksandra Maji\u0107 Skrbin\u0161ek and Meta Mavec,&nbsp;University of Ljubljana, SLO<br>Elisa Avanzinelli, Large Carnivore Center and Valentina Ruco, Protected Areas of the Maritime Alps, IT<br>Ricardo Simon and H\u00e9l\u00e8ne Fournet, French Biodiversity Agency (OFB), and Rachel Berzins, Mercantour national park, FR<br>Theresa Walter, University of Veterinary Medicine Vienna (VETMED), AT<\/td><\/tr><tr><td>17:00<\/td><td><strong><em>Effective LIFE WolfAlps EU Project Communication in the Digital Era<\/em><\/strong><br><strong>Laura Scillitani<\/strong>, Science Museum of Trento (MUSE), and Irene Borgna, Protected Areas of the Maritime Alps, IT<br>Theresa Walter, University of Veterinary Medicine Vienna (VETMED), AT<br>Verena Mayer, Agricultural Research and Education Centre Raumberg-Gumpenstein (AREC), AT&nbsp;<br>Maja Sever, Slovenian Forest Service (ZGS) and Manca Velkavrh, University of Ljubljana, SLO<br>H\u00e9l\u00e8ne Fournet, French Biodiversity Agency (OFB), FR<\/td><\/tr><tr><td>17:20<\/td><td>End of the Conference<\/td><\/tr><tr><td>17:30<\/td><td><strong><em>PRESS Q&amp;A&nbsp;&nbsp;&nbsp;<\/em><\/strong>(<strong>IN ENGLISH<\/strong>,&nbsp;WITHOUT INTERPRETATION)<strong><em><\/em><\/strong><\/td><\/tr><\/tbody><\/table><\/figure>\n\n\n\n<div class=\"wp-block-buttons is-layout-flex wp-block-buttons-is-layout-flex\">\n<div class=\"wp-block-button is-style-outline is-style-outline--5\"><a class=\"wp-block-button__link\" href=\"https:\/\/www.lifewolfalps.eu\/wp-content\/uploads\/2021\/05\/lwa-conference-2021-agenda-3.pdf\">DOWNLOAD THE AGENDA<\/a><\/div>\n<\/div>\n\n\n\n<p class=\"wp-block-paragraph\"><\/p>\n\n\n\n<div style=\"height:135px\" aria-hidden=\"true\" class=\"wp-block-spacer\"><\/div>\n\n\n\n<h4 class=\"wp-block-heading\">DIRECT LINE &gt; <a class=\"rank-math-link\">lwaconference@eurac.edu<\/a><\/h4>\n\n\n\n<div style=\"height:135px\" aria-hidden=\"true\" class=\"wp-block-spacer\"><\/div>\n\n\n\n<div class=\"wp-block-columns is-layout-flex wp-container-core-columns-is-layout-8f761849 wp-block-columns-is-layout-flex\">\n<div class=\"wp-block-column is-layout-flow wp-block-column-is-layout-flow\">\n<h5 class=\"wp-block-heading\"><strong>CONTACTS<\/strong><\/h5>\n\n\n\n<p class=\"wp-block-paragraph\"><strong>Eurac Research<\/strong><br><strong><em>Institute for Regional Development<\/em><\/strong><br>Drususallee 1 | Viale Druso 1<br>39100 Bozen \/ Bolzano, Italy<br>T +39 0471 055 300<br>@ <a href=\"mailto:lwaconference@eurac.edu\" class=\"rank-math-link\">lwaconference@eurac.edu<\/a><\/p>\n<\/div>\n\n\n\n<div class=\"wp-block-column is-layout-flow wp-block-column-is-layout-flow\">\n<h5 class=\"wp-block-heading\"><strong>LOCAL ORGANISERS<\/strong><\/h5>\n\n\n\n<p class=\"wp-block-paragraph\"><strong>Andrea Omizzolo<\/strong>, Eurac Research, <a>andrea.omizzolo@eurac.edu<\/a>&nbsp;<br><strong>Filippo Favilli<\/strong>, Eurac Research, <a>filippo.favilli@eurac.edu<\/a>&nbsp;<br><strong>Julia Stauder<\/strong>, Eurac Research, <a href=\"mailto:julia.stauder@eurac.edu\" class=\"rank-math-link\">julia.stauder@eurac.edu<\/a><\/p>\n<\/div>\n<\/div>\n","protected":false},"excerpt":{"rendered":"<p>1st International Conference &gt; May 27, 2021 9 a.m. to 5 p.m. We remind you that it is possible to follow the conference without registration on Facebook and Youtube. USEFUL INFO The participation is free of charge. The Conference will be held in English with simultaneous translation in German, Italian, French and Slovenian (registration required). [&hellip;]<\/p>\n","protected":false},"author":16,"featured_media":8986,"parent":0,"menu_order":0,"comment_status":"closed","ping_status":"closed","template":"page-templates\/basic.php","meta":{"_acf_changed":false,"footnotes":""},"class_list":["post-8788","page","type-page","status-publish","has-post-thumbnail","hentry"],"acf":[],"_links":{"self":[{"href":"https:\/\/www.lifewolfalps.eu\/en\/wp-json\/wp\/v2\/pages\/8788","targetHints":{"allow":["GET"]}}],"collection":[{"href":"https:\/\/www.lifewolfalps.eu\/en\/wp-json\/wp\/v2\/pages"}],"about":[{"href":"https:\/\/www.lifewolfalps.eu\/en\/wp-json\/wp\/v2\/types\/page"}],"author":[{"embeddable":true,"href":"https:\/\/www.lifewolfalps.eu\/en\/wp-json\/wp\/v2\/users\/16"}],"replies":[{"embeddable":true,"href":"https:\/\/www.lifewolfalps.eu\/en\/wp-json\/wp\/v2\/comments?post=8788"}],"version-history":[{"count":5,"href":"https:\/\/www.lifewolfalps.eu\/en\/wp-json\/wp\/v2\/pages\/8788\/revisions"}],"predecessor-version":[{"id":9833,"href":"https:\/\/www.lifewolfalps.eu\/en\/wp-json\/wp\/v2\/pages\/8788\/revisions\/9833"}],"wp:featuredmedia":[{"embeddable":true,"href":"https:\/\/www.lifewolfalps.eu\/en\/wp-json\/wp\/v2\/media\/8986"}],"wp:attachment":[{"href":"https:\/\/www.lifewolfalps.eu\/en\/wp-json\/wp\/v2\/media?parent=8788"}],"curies":[{"name":"wp","href":"https:\/\/api.w.org\/{rel}","templated":true}]}}